{"id":17519,"date":"2026-07-16T10:06:05","date_gmt":"2026-07-16T10:06:05","guid":{"rendered":"https:\/\/jerseys-dev.sizesall.us\/de\/product\/fc-bayern-25-26-away-shorts\/"},"modified":"2026-08-02T21:24:21","modified_gmt":"2026-08-02T21:24:21","slug":"fc-bayern-25-26-away-shorts","status":"publish","type":"product","link":"https:\/\/kryemo.com\/de\/product\/fc-bayern-25-26-away-shorts\/","title":{"rendered":"Adidas FC Bayern 25\/26 Ausw\u00e4rts Shorts Herren"},"content":{"rendered":"<div class=\"description_description__laxrX\">\n<div class=\"description_text-content__zFrZJ\">\n<h3 class=\"description_subtitle__5h3_L\">Feuchtigkeitsableitende FC Bayern Shorts als Hommage an die Heimst\u00e4tte des Vereins.<\/h3>\n<p class=\"description_margin__cBW26\">Seit zwei Jahrzehnten erleuchtet die Allianz Arena den Weg zum Sieg f\u00fcr die Fans des FC Bayern. Teil eines Ausw\u00e4rtssets, das die weltber\u00fchmte Heimst\u00e4tte des Vereins w\u00fcrdigt, sind diese adidas Fu\u00dfball-Shorts aus weichem Material gefertigt und mit AEROREADY ausgestattet, das f\u00fcr ein trockenes und angenehmes Tragegef\u00fchl sorgt. Ob Sie Ihr Team im Stadion oder von der Couch aus unterst\u00fctzen \u2013 das gestickte Vereinswappen zeigt Ihre Verbundenheit.<\/p>\n<\/div>\n<div class=\"description_media__QUtul\"><img decoding=\"async\" data-auto-id=\"description-image\" src=\"https:\/\/kryemo.com\/wp-content\/uploads\/2026\/07\/FC_Bayern_25-26_Away_Shorts_White_KC5720_907f2b3392.jpg\" srcset=\"https:\/\/kryemo.com\/wp-content\/uploads\/2026\/07\/FC_Bayern_25-26_Away_Shorts_White_KC5720_a9682175a5.jpg 320w, https:\/\/kryemo.com\/wp-content\/uploads\/2026\/07\/FC_Bayern_25-26_Away_Shorts_White_KC5720_f2a2e0bc6f.jpg 420w, https:\/\/kryemo.com\/wp-content\/uploads\/2026\/07\/FC_Bayern_25-26_Away_Shorts_White_KC5720_767f83a8ec.jpg 600w, https:\/\/kryemo.com\/wp-content\/uploads\/2026\/07\/FC_Bayern_25-26_Away_Shorts_White_KC5720_87ee6ca88c.jpg 640w, https:\/\/kryemo.com\/wp-content\/uploads\/2026\/07\/FC_Bayern_25-26_Away_Shorts_White_KC5720_1496c2a15f.jpg 840w\" sizes=\"(max-width: 320px) 320px, (max-width: 420px) 420px, (max-width: 600px) 600px, (max-width: 640px) 640px, (max-width: 840px) 840px\" alt=\"Wei\u00dfe FC Bayern 25\/26 Ausw\u00e4rts Shorts\"><\/div>\n<\/div>\n","protected":false},"excerpt":{"rendered":"<p>Feuchtigkeitsableitende FC Bayern Shorts als Hommage an die Heimst\u00e4tte des Vereins. Seit zwei Jahrzehnten erleuchtet die Allianz Arena den Weg zum Sieg f\u00fcr die Fans des FC Bayern. Teil eines Ausw\u00e4rtssets, das die weltber\u00fchmte Heimst\u00e4tte des Vereins w\u00fcrdigt, sind diese adidas Fu\u00dfball-Shorts aus weichem Material gefertigt und mit AEROREADY ausgestattet, das f\u00fcr ein trockenes und [&hellip;]<\/p>\n","protected":false},"featured_media":24069,"comment_status":"open","ping_status":"closed","template":"","meta":[],"product_brand":[33],"product_cat":[128],"product_tag":[],"class_list":["post-17519","product","type-product","status-publish","has-post-thumbnail","product_brand-adidas","product_cat-bayern-munich","first","instock","shipping-taxable","purchasable","product-type-variable"],"_links":{"self":[{"href":"https:\/\/kryemo.com\/de\/wp-json\/wp\/v2\/product\/17519","targetHints":{"allow":["GET"]}}],"collection":[{"href":"https:\/\/kryemo.com\/de\/wp-json\/wp\/v2\/product"}],"about":[{"href":"https:\/\/kryemo.com\/de\/wp-json\/wp\/v2\/types\/product"}],"replies":[{"embeddable":true,"href":"https:\/\/kryemo.com\/de\/wp-json\/wp\/v2\/comments?post=17519"}],"wp:featuredmedia":[{"embeddable":true,"href":"https:\/\/kryemo.com\/de\/wp-json\/wp\/v2\/media\/24069"}],"wp:attachment":[{"href":"https:\/\/kryemo.com\/de\/wp-json\/wp\/v2\/media?parent=17519"}],"wp:term":[{"taxonomy":"product_brand","embeddable":true,"href":"https:\/\/kryemo.com\/de\/wp-json\/wp\/v2\/product_brand?post=17519"},{"taxonomy":"product_cat","embeddable":true,"href":"https:\/\/kryemo.com\/de\/wp-json\/wp\/v2\/product_cat?post=17519"},{"taxonomy":"product_tag","embeddable":true,"href":"https:\/\/kryemo.com\/de\/wp-json\/wp\/v2\/product_tag?post=17519"}],"curies":[{"name":"wp","href":"https:\/\/api.w.org\/{rel}","templated":true}]}}