{"id":22958,"date":"2026-07-28T21:30:55","date_gmt":"2026-07-28T21:30:55","guid":{"rendered":"https:\/\/jerseys-dev.sizesall.us\/de\/product\/mens-hummel-werder-bremen-third-2026-jersey-2\/"},"modified":"2026-07-31T15:18:13","modified_gmt":"2026-07-31T15:18:13","slug":"mens-hummel-werder-bremen-third-2026-jersey-2","status":"publish","type":"product","link":"https:\/\/kryemo.com\/de\/product\/mens-hummel-werder-bremen-third-2026-jersey-2\/","title":{"rendered":"hummel SV Werder Bremen 3rd Trikot 26\/27 Herren"},"content":{"rendered":"<p>Produktdetails<br \/>\nDas ist Bremen f\u00fcr dich. Zwischen Schreberg\u00e4rten und Weserstadion, zwischen Wasser von unten und Wasser von oben, zwischen Bremens einzigartigen Charakteren und hanseatischer Ruhe \u2013 die Bremer machen ihr eigenes Ding. Und das offizielle Third AL 26\/27 Trikot kommt in Korallenrot.<br \/>\nDie auff\u00e4llige Farbe und das tonale geometrische Muster sind die Highlights des Trikots. Kontrastierende Akzente in Petrolgr\u00fcn \u2013 wie das hummel-Logo auf der Brust und die klassischen hummel-Winkel auf den Schultern \u2013 sorgen f\u00fcr einen entspannten Look. In der Mitte prangt das Ammerl\u00e4nder-Logo, unser Sponsor f\u00fcr die Frauen-Bundesliga. Unsere Werder-Raute mit dem Meisterstern rundet das gelungene Design ab.<br \/>\nObwohl das Third AL Trikot f\u00fcr die Saison 2026\/27 das Ausweichtrikot ist, ist es heimlich das Highlight der Saison: einfach typisch SV Werder Bremen \u2013 etwas Besonderes.<\/p>\n<p>Besonderheiten<\/p>\n<p>das offizielle SV Werder Bremen 2026\/27 Ammerl\u00e4nder Third Trikot<br \/>\nKurzarmtrikot<br \/>\nWerder-Raute als gewebter Patch<br \/>\nmit gesticktem Meisterstern<br \/>\npetrolgr\u00fcnes hummel-Logo auf der Brust<br \/>\nAmmerl\u00e4nder-Logo auf der Vorderseite des Trikots<br \/>\nklassische hummel-Winkel in Petrolgr\u00fcn auf den Schultern<br \/>\ntonales geometrisches Muster in Korallenrot<br \/>\npetrolgr\u00fcner Stoffeinsatz an den Seiten<br \/>\nPetrolgr\u00fcne Schriftzug \u201eLebenslang gr\u00fcn-wei\u00df\u201c auf der R\u00fcckseite unterhalb des Kragens<br \/>\nhummel-Logo als Patch am Saum<br \/>\nDieser Artikel ist von der Zahlung per Nachnahme ausgeschlossen, da er mit individuellem Flock bedruckt wird.<br \/>\nPflegehinweise: Bitte bei 30 Grad auf links waschen und keinen Weichsp\u00fcler verwenden! Auch kein Bleichmittel und nicht im Trockner trocknen, nicht b\u00fcgeln, nicht chemisch reinigen!<\/p>\n<p>&nbsp;<\/p>\n<p>&nbsp;<\/p>\n","protected":false},"excerpt":{"rendered":"<p>Produktdetails Das ist Bremen f\u00fcr dich. Zwischen Schreberg\u00e4rten und Weserstadion, zwischen Wasser von unten und Wasser von oben, zwischen Bremens einzigartigen Charakteren und hanseatischer Ruhe \u2013 die Bremer machen ihr eigenes Ding. Und das offizielle Third AL 26\/27 Trikot kommt in Korallenrot. Die auff\u00e4llige Farbe und das tonale geometrische Muster sind die Highlights des Trikots. [&hellip;]<\/p>\n","protected":false},"featured_media":23508,"comment_status":"open","ping_status":"closed","template":"","meta":[],"product_brand":[545],"product_cat":[262],"product_tag":[],"class_list":["post-22958","product","type-product","status-publish","has-post-thumbnail","product_brand-hummel","product_cat-werder-bremen","first","instock","shipping-taxable","purchasable","product-type-variable"],"_links":{"self":[{"href":"https:\/\/kryemo.com\/de\/wp-json\/wp\/v2\/product\/22958","targetHints":{"allow":["GET"]}}],"collection":[{"href":"https:\/\/kryemo.com\/de\/wp-json\/wp\/v2\/product"}],"about":[{"href":"https:\/\/kryemo.com\/de\/wp-json\/wp\/v2\/types\/product"}],"replies":[{"embeddable":true,"href":"https:\/\/kryemo.com\/de\/wp-json\/wp\/v2\/comments?post=22958"}],"wp:featuredmedia":[{"embeddable":true,"href":"https:\/\/kryemo.com\/de\/wp-json\/wp\/v2\/media\/23508"}],"wp:attachment":[{"href":"https:\/\/kryemo.com\/de\/wp-json\/wp\/v2\/media?parent=22958"}],"wp:term":[{"taxonomy":"product_brand","embeddable":true,"href":"https:\/\/kryemo.com\/de\/wp-json\/wp\/v2\/product_brand?post=22958"},{"taxonomy":"product_cat","embeddable":true,"href":"https:\/\/kryemo.com\/de\/wp-json\/wp\/v2\/product_cat?post=22958"},{"taxonomy":"product_tag","embeddable":true,"href":"https:\/\/kryemo.com\/de\/wp-json\/wp\/v2\/product_tag?post=22958"}],"curies":[{"name":"wp","href":"https:\/\/api.w.org\/{rel}","templated":true}]}}